{"id":448,"date":"2025-07-25T16:16:56","date_gmt":"2025-07-25T20:16:56","guid":{"rendered":"https:\/\/lasalletarija.org\/?page_id=448"},"modified":"2026-02-27T10:41:24","modified_gmt":"2026-02-27T14:41:24","slug":"comunicados","status":"publish","type":"page","link":"https:\/\/lasalletarija.org\/index.php\/comunicados\/","title":{"rendered":"Documentos"},"content":{"rendered":"\n<p class=\"has-large-font-size\"><strong><mark style=\"background-color:rgba(0, 0, 0, 0)\" class=\"has-inline-color has-vivid-cyan-blue-color\">HORARIO DE ATENCI\u00d3N PARA ENTREVISTAS DE MAESTROS\/MAESTRAS CON PADRES\/MADRES DE FAMILIA GESTI\u00d3N &#8211; 2026<\/mark><\/strong><\/p>\n\n\n\n<div data-wp-interactive=\"core\/file\" class=\"wp-block-file\"><object data-wp-bind--hidden=\"!state.hasPdfPreview\" hidden class=\"wp-block-file__embed\" data=\"https:\/\/lasalletarija.org\/wp-content\/uploads\/2026\/02\/HORARIO-DE-ATENCION-PARA-ENTREVISTAS-DE-MAESTROS-MAESTRAS-CON-PADRES-MADRES-DE-FAMILIA-2026.pdf\" type=\"application\/pdf\" style=\"width:100%;height:600px\" aria-label=\"Incrustado de HORARIO DE ATENCI\u00d3N PARA ENTREVISTAS DE MAESTROS-MAESTRAS CON PADRES-MADRES DE FAMILIA 2026.\"><\/object><a id=\"wp-block-file--media-bf637a4c-a1a0-4d72-bd27-7916f7a48f52\" href=\"https:\/\/lasalletarija.org\/wp-content\/uploads\/2026\/02\/HORARIO-DE-ATENCION-PARA-ENTREVISTAS-DE-MAESTROS-MAESTRAS-CON-PADRES-MADRES-DE-FAMILIA-2026.pdf\">HORARIO DE ATENCI\u00d3N PARA ENTREVISTAS DE MAESTROS-MAESTRAS CON PADRES-MADRES DE FAMILIA 2026<\/a><a href=\"https:\/\/lasalletarija.org\/wp-content\/uploads\/2026\/02\/HORARIO-DE-ATENCION-PARA-ENTREVISTAS-DE-MAESTROS-MAESTRAS-CON-PADRES-MADRES-DE-FAMILIA-2026.pdf\" class=\"wp-block-file__button wp-element-button\" download aria-describedby=\"wp-block-file--media-bf637a4c-a1a0-4d72-bd27-7916f7a48f52\">Descarga<\/a><\/div>\n\n\n\n<p class=\"has-large-font-size\"><strong><mark style=\"background-color:rgba(0, 0, 0, 0)\" class=\"has-inline-color has-vivid-cyan-blue-color\">CALENDARIO ACAD\u00c9MICO 2026<\/mark><\/strong><\/p>\n\n\n\n<div data-wp-interactive=\"core\/file\" class=\"wp-block-file\"><object data-wp-bind--hidden=\"!state.hasPdfPreview\" hidden class=\"wp-block-file__embed\" data=\"https:\/\/lasalletarija.org\/wp-content\/uploads\/2026\/02\/CALENDARIO-ACADEMICO-2026.pdf\" type=\"application\/pdf\" style=\"width:100%;height:600px\" aria-label=\"Incrustado de CALENDARIO ACAD\u00c9MICO 2026.\"><\/object><a id=\"wp-block-file--media-192d7e78-a8e4-4d45-b00c-e7be18e742b5\" href=\"https:\/\/lasalletarija.org\/wp-content\/uploads\/2026\/02\/CALENDARIO-ACADEMICO-2026.pdf\">CALENDARIO ACAD\u00c9MICO 2026<\/a><a href=\"https:\/\/lasalletarija.org\/wp-content\/uploads\/2026\/02\/CALENDARIO-ACADEMICO-2026.pdf\" class=\"wp-block-file__button wp-element-button\" download aria-describedby=\"wp-block-file--media-192d7e78-a8e4-4d45-b00c-e7be18e742b5\">Descarga<\/a><\/div>\n\n\n\n<p class=\"has-text-color has-link-color has-large-font-size wp-elements-3323762b99438a647f145dc60f3991ce\" style=\"color:#0f96e4\">CONVOCATORIA PARA TR\u00c1MITE DE BECA 2026<\/p>\n\n\n\n<div data-wp-interactive=\"core\/file\" class=\"wp-block-file\"><object data-wp-bind--hidden=\"!state.hasPdfPreview\" hidden class=\"wp-block-file__embed\" data=\"https:\/\/lasalletarija.org\/wp-content\/uploads\/2026\/02\/2.1.-Convocatoria-para-tramite-de-beca-2026.pdf\" type=\"application\/pdf\" style=\"width:100%;height:600px\" aria-label=\"Incrustado de 2.1. Convocatoria para tr\u00e1mite de beca 2026.\"><\/object><a id=\"wp-block-file--media-e8775051-b774-4b71-93b9-48a71cf8096b\" href=\"https:\/\/lasalletarija.org\/wp-content\/uploads\/2026\/02\/2.1.-Convocatoria-para-tramite-de-beca-2026.pdf\">2.1. Convocatoria para tr\u00e1mite de beca 2026<\/a><a href=\"https:\/\/lasalletarija.org\/wp-content\/uploads\/2026\/02\/2.1.-Convocatoria-para-tramite-de-beca-2026.pdf\" class=\"wp-block-file__button wp-element-button\" download aria-describedby=\"wp-block-file--media-e8775051-b774-4b71-93b9-48a71cf8096b\">Descarga<\/a><\/div>\n\n\n\n<p class=\"has-text-color has-link-color has-large-font-size wp-elements-4f50802b7cd6c17615f1db21c2087771\" style=\"color:#0e689d\">FORMULARIO-BFN 2026<\/p>\n\n\n\n<div data-wp-interactive=\"core\/file\" class=\"wp-block-file\"><object data-wp-bind--hidden=\"!state.hasPdfPreview\" hidden class=\"wp-block-file__embed\" data=\"https:\/\/lasalletarija.org\/wp-content\/uploads\/2026\/02\/FORMULARIO-BFN-2026-2-1.pdf\" type=\"application\/pdf\" style=\"width:100%;height:600px\" aria-label=\"Incrustado de FORMULARIO-BFN 2026 (2).\"><\/object><a id=\"wp-block-file--media-a786bac0-6cb1-4361-9760-9b32617cb9f3\" href=\"https:\/\/lasalletarija.org\/wp-content\/uploads\/2026\/02\/FORMULARIO-BFN-2026-2-1.pdf\">FORMULARIO-BFN 2026 (2)<\/a><a href=\"https:\/\/lasalletarija.org\/wp-content\/uploads\/2026\/02\/FORMULARIO-BFN-2026-2-1.pdf\" class=\"wp-block-file__button wp-element-button\" download aria-describedby=\"wp-block-file--media-a786bac0-6cb1-4361-9760-9b32617cb9f3\">Descarga<\/a><\/div>\n\n\n\n<p class=\"has-large-font-size\"><strong><mark style=\"background-color:rgba(0, 0, 0, 0)\" class=\"has-inline-color has-vivid-cyan-blue-color\">PLAN DE CONTINGENCIA UNIDAD EDUCATIVA LA SALLE PARTICULAR TARIJA GESTI\u00d3N &#8211; 2025<\/mark><\/strong><\/p>\n\n\n\n<div data-wp-interactive=\"core\/file\" class=\"wp-block-file\"><object data-wp-bind--hidden=\"!state.hasPdfPreview\" hidden class=\"wp-block-file__embed\" data=\"https:\/\/lasalletarija.org\/wp-content\/uploads\/2025\/07\/PLAN_DE_CONTINGENCIA-COLEGIO_LA_SALLE_PARTICULAR_-_TARIJA_GESTION_20251.pdf\" type=\"application\/pdf\" style=\"width:100%;height:600px\" aria-label=\"Incrustado de PLAN_DE_CONTINGENCIA-COLEGIO_LA_SALLE_PARTICULAR_-_TARIJA_GESTION_20251.\"><\/object><a id=\"wp-block-file--media-f37df388-7327-4e9c-8d04-a64a2f99a572\" href=\"https:\/\/lasalletarija.org\/wp-content\/uploads\/2025\/07\/PLAN_DE_CONTINGENCIA-COLEGIO_LA_SALLE_PARTICULAR_-_TARIJA_GESTION_20251.pdf\">PLAN_DE_CONTINGENCIA-COLEGIO_LA_SALLE_PARTICULAR_-_TARIJA_GESTION_20251<\/a><a href=\"https:\/\/lasalletarija.org\/wp-content\/uploads\/2025\/07\/PLAN_DE_CONTINGENCIA-COLEGIO_LA_SALLE_PARTICULAR_-_TARIJA_GESTION_20251.pdf\" class=\"wp-block-file__button wp-element-button\" download aria-describedby=\"wp-block-file--media-f37df388-7327-4e9c-8d04-a64a2f99a572\">Descarga<\/a><\/div>\n\n\n\n<p><\/p>\n\n\n\n<p><\/p>\n\n\n\n<p class=\"has-large-font-size\"><strong><mark style=\"background-color:rgba(0, 0, 0, 0)\" class=\"has-inline-color has-vivid-cyan-blue-color\">PROYECTO SOCIOCOMUNITARIO PRODUCTIVO PSP. 2025<\/mark><\/strong><\/p>\n\n\n\n<div data-wp-interactive=\"core\/file\" class=\"wp-block-file\"><object data-wp-bind--hidden=\"!state.hasPdfPreview\" hidden class=\"wp-block-file__embed\" data=\"https:\/\/lasalletarija.org\/wp-content\/uploads\/2025\/07\/PSP._2025-COLEGIO-LA-SALLE-PARTICULAR-TARIJA.pdf\" type=\"application\/pdf\" style=\"width:100%;height:600px\" aria-label=\"Incrustado de PSP._2025-COLEGIO-LA-SALLE-PARTICULAR-TARIJA.\"><\/object><a id=\"wp-block-file--media-ec4da4e2-739c-48a3-bf0c-7106d5a94ee8\" href=\"https:\/\/lasalletarija.org\/wp-content\/uploads\/2025\/07\/PSP._2025-COLEGIO-LA-SALLE-PARTICULAR-TARIJA.pdf\">PSP._2025-COLEGIO-LA-SALLE-PARTICULAR-TARIJA<\/a><a href=\"https:\/\/lasalletarija.org\/wp-content\/uploads\/2025\/07\/PSP._2025-COLEGIO-LA-SALLE-PARTICULAR-TARIJA.pdf\" class=\"wp-block-file__button wp-element-button\" download aria-describedby=\"wp-block-file--media-ec4da4e2-739c-48a3-bf0c-7106d5a94ee8\">Descarga<\/a><\/div>\n\n\n\n<p><\/p>\n\n\n\n<p class=\"has-large-font-size\"><strong><mark style=\"background-color:rgba(0, 0, 0, 0)\" class=\"has-inline-color has-vivid-cyan-blue-color\">PROYECTO EDUCATIVO INSTITUCIONAL COLEGIO LA SALLE PARTICULAR TARIJA PEI-2025<\/mark><\/strong><\/p>\n\n\n\n<div data-wp-interactive=\"core\/file\" class=\"wp-block-file\"><object data-wp-bind--hidden=\"!state.hasPdfPreview\" hidden class=\"wp-block-file__embed\" data=\"https:\/\/lasalletarija.org\/wp-content\/uploads\/2025\/07\/PEI.-_COLEGIO_LA_SALLE_PARTICULAR_TARIJA_20251.pdf\" type=\"application\/pdf\" style=\"width:100%;height:600px\" aria-label=\"Incrustado de PEI.-_COLEGIO_LA_SALLE_PARTICULAR_TARIJA_20251.\"><\/object><a id=\"wp-block-file--media-1b1c8d87-831a-435d-8159-d15e10d8f295\" href=\"https:\/\/lasalletarija.org\/wp-content\/uploads\/2025\/07\/PEI.-_COLEGIO_LA_SALLE_PARTICULAR_TARIJA_20251.pdf\">PEI.-_COLEGIO_LA_SALLE_PARTICULAR_TARIJA_20251<\/a><a href=\"https:\/\/lasalletarija.org\/wp-content\/uploads\/2025\/07\/PEI.-_COLEGIO_LA_SALLE_PARTICULAR_TARIJA_20251.pdf\" class=\"wp-block-file__button wp-element-button\" download aria-describedby=\"wp-block-file--media-1b1c8d87-831a-435d-8159-d15e10d8f295\">Descarga<\/a><\/div>\n\n\n\n<p><\/p>\n\n\n\n<p><\/p>\n\n\n\n<p class=\"has-large-font-size\"><strong><mark style=\"background-color:rgba(0, 0, 0, 0)\" class=\"has-inline-color has-vivid-cyan-blue-color\">PLAN DE CONVIVENCIA PAC\u00cdFICA Y ARM\u00d3NICA COLEGIO LA SALLE PARTICULAR TARIJA<\/mark><\/strong><\/p>\n\n\n\n<div data-wp-interactive=\"core\/file\" class=\"wp-block-file\"><object data-wp-bind--hidden=\"!state.hasPdfPreview\" hidden class=\"wp-block-file__embed\" data=\"https:\/\/lasalletarija.org\/wp-content\/uploads\/2025\/07\/PLAN_DE_CONVIVENCIA_PACIFICA_Y_ARMONICA_COLEGIO_LA_SALLE_PARTICULAR_TARIJA_2025.pdf\" type=\"application\/pdf\" style=\"width:100%;height:600px\" aria-label=\"Incrustado de PLAN_DE_CONVIVENCIA_PACIFICA_Y_ARMONICA_COLEGIO_LA_SALLE_PARTICULAR_TARIJA_2025.\"><\/object><a id=\"wp-block-file--media-bb943797-3315-4677-8bcd-d48473d5c2c2\" href=\"https:\/\/lasalletarija.org\/wp-content\/uploads\/2025\/07\/PLAN_DE_CONVIVENCIA_PACIFICA_Y_ARMONICA_COLEGIO_LA_SALLE_PARTICULAR_TARIJA_2025.pdf\">PLAN_DE_CONVIVENCIA_PACIFICA_Y_ARMONICA_COLEGIO_LA_SALLE_PARTICULAR_TARIJA_2025<\/a><a href=\"https:\/\/lasalletarija.org\/wp-content\/uploads\/2025\/07\/PLAN_DE_CONVIVENCIA_PACIFICA_Y_ARMONICA_COLEGIO_LA_SALLE_PARTICULAR_TARIJA_2025.pdf\" class=\"wp-block-file__button wp-element-button\" download aria-describedby=\"wp-block-file--media-bb943797-3315-4677-8bcd-d48473d5c2c2\">Descarga<\/a><\/div>\n\n\n\n<p><\/p>\n\n\n\n<p class=\"has-large-font-size\"><strong><mark style=\"background-color:rgba(0, 0, 0, 0)\" class=\"has-inline-color has-vivid-cyan-blue-color\">REGLAMENTO INTERNO DE NORMAS DE CONVIVENCIA PACIFICA Y ARMONICA UNIDAD EDUCATIVA LA SALLE PARTICULAR TARIJA<\/mark><\/strong><\/p>\n\n\n\n<div data-wp-interactive=\"core\/file\" class=\"wp-block-file\"><object data-wp-bind--hidden=\"!state.hasPdfPreview\" hidden class=\"wp-block-file__embed\" data=\"https:\/\/lasalletarija.org\/wp-content\/uploads\/2025\/07\/REGLAMENTO-INTERNO-2025-NORMAS-DE-CONVIVENCIA-PACIFICA-Y-ARMONICA-COLEGIO-LA-SALLE-PARTICULAR-TARI1.pdf\" type=\"application\/pdf\" style=\"width:100%;height:600px\" aria-label=\"Incrustado de REGLAMENTO-INTERNO-2025-NORMAS-DE-CONVIVENCIA-PACIFICA-Y-ARMONICA-COLEGIO-LA-SALLE-PARTICULAR-TARI1.\"><\/object><a id=\"wp-block-file--media-6d702e43-c92f-4a93-9c2b-ed96ebb88547\" href=\"https:\/\/lasalletarija.org\/wp-content\/uploads\/2025\/07\/REGLAMENTO-INTERNO-2025-NORMAS-DE-CONVIVENCIA-PACIFICA-Y-ARMONICA-COLEGIO-LA-SALLE-PARTICULAR-TARI1.pdf\">REGLAMENTO-INTERNO-2025-NORMAS-DE-CONVIVENCIA-PACIFICA-Y-ARMONICA-COLEGIO-LA-SALLE-PARTICULAR-TARI1<\/a><a href=\"https:\/\/lasalletarija.org\/wp-content\/uploads\/2025\/07\/REGLAMENTO-INTERNO-2025-NORMAS-DE-CONVIVENCIA-PACIFICA-Y-ARMONICA-COLEGIO-LA-SALLE-PARTICULAR-TARI1.pdf\" class=\"wp-block-file__button wp-element-button\" download aria-describedby=\"wp-block-file--media-6d702e43-c92f-4a93-9c2b-ed96ebb88547\">Descarga<\/a><\/div>\n\n\n\n<p><\/p>\n\n\n\n<p class=\"has-large-font-size\"><strong><mark style=\"background-color:rgba(0, 0, 0, 0)\" class=\"has-inline-color has-vivid-cyan-blue-color\">RMULARIO-BFN-2025<\/mark><\/strong><\/p>\n\n\n\n<div data-wp-interactive=\"core\/file\" class=\"wp-block-file\"><object data-wp-bind--hidden=\"!state.hasPdfPreview\" hidden class=\"wp-block-file__embed\" data=\"https:\/\/lasalletarija.org\/wp-content\/uploads\/2025\/07\/FORMULARIO-BFN-2025.pdf\" type=\"application\/pdf\" style=\"width:100%;height:600px\" aria-label=\"Incrustado de FORMULARIO-BFN-2025.\"><\/object><a id=\"wp-block-file--media-72b44be8-31b0-4444-9113-73cc4d2537e0\" href=\"https:\/\/lasalletarija.org\/wp-content\/uploads\/2025\/07\/FORMULARIO-BFN-2025.pdf\">FORMULARIO-BFN-2025<\/a><a href=\"https:\/\/lasalletarija.org\/wp-content\/uploads\/2025\/07\/FORMULARIO-BFN-2025.pdf\" class=\"wp-block-file__button wp-element-button\" download aria-describedby=\"wp-block-file--media-72b44be8-31b0-4444-9113-73cc4d2537e0\">Descarga<\/a><\/div>\n\n\n\n<p><\/p>\n\n\n\n<p class=\"has-large-font-size\"><strong><mark style=\"background-color:rgba(0, 0, 0, 0)\" class=\"has-inline-color has-vivid-cyan-blue-color\">CONVOCATORIA PARA POSTULACI\u00d3N A BECAS DE ESTUDIO GESTI\u00d3N &#8211; 2025<\/mark><\/strong><\/p>\n\n\n\n<div data-wp-interactive=\"core\/file\" class=\"wp-block-file\"><object data-wp-bind--hidden=\"!state.hasPdfPreview\" hidden class=\"wp-block-file__embed\" data=\"https:\/\/lasalletarija.org\/wp-content\/uploads\/2025\/07\/Convocatoria_para_tramite_de_beca_2025.pdf\" type=\"application\/pdf\" style=\"width:100%;height:600px\" aria-label=\"Incrustado de Convocatoria_para_tramite_de_beca_2025.\"><\/object><a id=\"wp-block-file--media-377dd8f8-dc34-4094-af6f-05265e555025\" href=\"https:\/\/lasalletarija.org\/wp-content\/uploads\/2025\/07\/Convocatoria_para_tramite_de_beca_2025.pdf\">Convocatoria_para_tramite_de_beca_2025<\/a><a href=\"https:\/\/lasalletarija.org\/wp-content\/uploads\/2025\/07\/Convocatoria_para_tramite_de_beca_2025.pdf\" class=\"wp-block-file__button wp-element-button\" download aria-describedby=\"wp-block-file--media-377dd8f8-dc34-4094-af6f-05265e555025\">Descarga<\/a><\/div>\n\n\n\n<p><\/p>\n\n\n\n<p><\/p>\n\n\n\n<p><\/p>\n","protected":false},"excerpt":{"rendered":"<p>HORARIO DE ATENCI\u00d3N PARA ENTREVISTAS DE MAESTROS\/MAESTRAS CON PADRES\/MADRES DE FAMILIA GESTI\u00d3N &#8211; 2026 CALENDARIO ACAD\u00c9MICO 2026 CONVOCATORIA PARA TR\u00c1MITE DE BECA 2026 FORMULARIO-BFN 2026 PLAN DE CONTINGENCIA UNIDAD EDUCATIVA LA SALLE PARTICULAR TARIJA GESTI\u00d3N &#8211; 2025 PROYECTO SOCIOCOMUNITARIO PRODUCTIVO PSP. 2025 PROYECTO EDUCATIVO INSTITUCIONAL COLEGIO LA SALLE PARTICULAR TARIJA PEI-2025 PLAN DE CONVIVENCIA PAC\u00cdFICA [&hellip;]<\/p>\n","protected":false},"author":1,"featured_media":0,"parent":0,"menu_order":0,"comment_status":"closed","ping_status":"closed","template":"","meta":{"footnotes":""},"class_list":["post-448","page","type-page","status-publish","hentry"],"_links":{"self":[{"href":"https:\/\/lasalletarija.org\/index.php\/wp-json\/wp\/v2\/pages\/448","targetHints":{"allow":["GET"]}}],"collection":[{"href":"https:\/\/lasalletarija.org\/index.php\/wp-json\/wp\/v2\/pages"}],"about":[{"href":"https:\/\/lasalletarija.org\/index.php\/wp-json\/wp\/v2\/types\/page"}],"author":[{"embeddable":true,"href":"https:\/\/lasalletarija.org\/index.php\/wp-json\/wp\/v2\/users\/1"}],"replies":[{"embeddable":true,"href":"https:\/\/lasalletarija.org\/index.php\/wp-json\/wp\/v2\/comments?post=448"}],"version-history":[{"count":19,"href":"https:\/\/lasalletarija.org\/index.php\/wp-json\/wp\/v2\/pages\/448\/revisions"}],"predecessor-version":[{"id":88123,"href":"https:\/\/lasalletarija.org\/index.php\/wp-json\/wp\/v2\/pages\/448\/revisions\/88123"}],"wp:attachment":[{"href":"https:\/\/lasalletarija.org\/index.php\/wp-json\/wp\/v2\/media?parent=448"}],"curies":[{"name":"wp","href":"https:\/\/api.w.org\/{rel}","templated":true}]}}